{"id":84088,"date":"2024-04-08T14:52:51","date_gmt":"2024-04-08T12:52:51","guid":{"rendered":"https:\/\/challengeassurancesvelo.com\/?page_id=84088"},"modified":"2024-05-17T15:35:07","modified_gmt":"2024-05-17T13:35:07","slug":"corse","status":"publish","type":"page","link":"https:\/\/challengeassurancesvelo.com\/index.php\/corse\/","title":{"rendered":"Corse"},"content":{"rendered":"<div class=\"wpb-content-wrapper\"><p>[vc_row][vc_column width=\u00a0\u00bb1\/1&Prime;][vc_accordion sign=\u00a0\u00bbplus\u00a0\u00bb sign_size=\u00a0\u00bbmd\u00a0\u00bb gutter_simple=\u00a0\u00bb0&Prime; uncode_shortcode_id=\u00a0\u00bb713171&Prime; active_tab=\u00a0\u00bb0&Prime;][vc_accordion_tab gutter_size=\u00a0\u00bb2&Prime; column_padding=\u00a0\u00bb2&Prime; title=\u00a0\u00bbVoir la carte\u00a0\u00bb tab_id=\u00a0\u00bb1715949812-1-91715952902049&Prime;][vc_column_text uncode_shortcode_id=\u00a0\u00bb158007&Prime;]<div class=\"map_wrapper\" id=\"map_wrapper_84148\">\r\n<div class=\"map_box\" style=\"max-width:2000px\">\r\n<div class=\"map_aspect_ratio\" style=\"padding-top:30%\" data-padding-top=\"30%\" data-padding-top-mobile=\"0%\">\r\n<div class=\"map_container\">\r\n<div class=\"map_render map_loading\" id=\"map_84148\"><\/div>\r\n<\/div>\r\n<\/div>\r\n<\/div>\r\n<\/div>[\/vc_column_text][\/vc_accordion_tab][\/vc_accordion][\/vc_column][\/vc_row][vc_row][vc_column column_width_percent=\u00a0\u00bb100&Prime; position_vertical=\u00a0\u00bbmiddle\u00a0\u00bb align_horizontal=\u00a0\u00bbalign_center\u00a0\u00bb gutter_size=\u00a0\u00bb3&Prime; overlay_alpha=\u00a0\u00bb50&Prime; shift_x=\u00a0\u00bb0&Prime; shift_y=\u00a0\u00bb0&Prime; shift_y_down=\u00a0\u00bb0&Prime; z_index=\u00a0\u00bb0&Prime; medium_width=\u00a0\u00bb0&Prime; mobile_width=\u00a0\u00bb0&Prime; width=\u00a0\u00bb1\/1&Prime; uncode_shortcode_id=\u00a0\u00bb626673&Prime;][vc_custom_heading separator=\u00a0\u00bbyes\u00a0\u00bb separator_color=\u00a0\u00bbyes\u00a0\u00bb separator_double=\u00a0\u00bbyes\u00a0\u00bb sub_reduced=\u00a0\u00bbyes\u00a0\u00bb uncode_shortcode_id=\u00a0\u00bb174113&Prime;]Corse[\/vc_custom_heading][vc_column_text uncode_shortcode_id=\u00a0\u00bb853257&Prime;]\n<table id=\"tablepress-5\" class=\"tablepress tablepress-id-5\">\n<thead>\n<tr class=\"row-1 odd\">\n\t<th class=\"column-1\">Date<\/th><th class=\"column-2\">Titre de l'\u00e9preuve<\/th><th class=\"column-3\">Organisateur<\/th><th class=\"column-4\">Discipline<\/th><th class=\"column-5\">Lieu<\/th>\n<\/tr>\n<\/thead>\n<tbody class=\"row-hover\">\n<tr class=\"row-2 even\">\n\t<td class=\"column-1\">04 au 09\/03\/2024<\/td><td class=\"column-2\">Stage d\u00e9tection pour s\u00e9l\u00e9ction aux<br \/>\nchampionnats de France de l'Avenir<\/td><td class=\"column-3\">CICC<\/td><td class=\"column-4\">ROUTE<\/td><td class=\"column-5\">AJACCIO<\/td>\n<\/tr>\n<tr class=\"row-3 odd\">\n\t<td class=\"column-1\">dim 17 mars<\/td><td class=\"column-2\">GP d'Evisa<\/td><td class=\"column-3\">CLUB ALPANA<\/td><td class=\"column-4\">ROUTE<\/td><td class=\"column-5\">EVISA<\/td>\n<\/tr>\n<tr class=\"row-4 even\">\n\t<td class=\"column-1\">dim 28 avril<\/td><td class=\"column-2\">Cyclosportive l'Allegra 3\u00e8 \u00e9dition<\/td><td class=\"column-3\">CORS'ENDUROBIKE<\/td><td class=\"column-4\">ROUTE<\/td><td class=\"column-5\">ECCICA-SUARELLA<\/td>\n<\/tr>\n<tr class=\"row-5 odd\">\n\t<td class=\"column-1\">08 au 12\/05\/2024<\/td><td class=\"column-2\">GT20 2024<br \/>\nChampionnat de France de l'Avenir<\/td><td class=\"column-3\">CESR20<\/td><td class=\"column-4\">ROUTE<\/td><td class=\"column-5\">REGIONAL<\/td>\n<\/tr>\n<tr class=\"row-6 even\">\n\t<td class=\"column-1\">08 au 12\/05\/2024<\/td><td class=\"column-2\">U17-U19<\/td><td class=\"column-3\">CICC<\/td><td class=\"column-4\">ROUTE<\/td><td class=\"column-5\">ALTKIRCH<\/td>\n<\/tr>\n<tr class=\"row-7 odd\">\n\t<td class=\"column-1\">dim 19 mai<\/td><td class=\"column-2\">Souvenir Michel Lovichi<\/td><td class=\"column-3\">BONIFACIO CYCLO<\/td><td class=\"column-4\">ROUTE<\/td><td class=\"column-5\">LECCI<\/td>\n<\/tr>\n<tr class=\"row-8 even\">\n\t<td class=\"column-1\">dim 26 mai<\/td><td class=\"column-2\">La ronde porto-vecchiaise<\/td><td class=\"column-3\">VELO CLUB PORTO-VECCHIAIS<\/td><td class=\"column-4\">ROUTE<\/td><td class=\"column-5\">PORTO-VECCHIO<\/td>\n<\/tr>\n<tr class=\"row-9 odd\">\n\t<td class=\"column-1\">dim 9 juin<\/td><td class=\"column-2\">GP de Furiani<\/td><td class=\"column-3\">VELO CLUB FURIANI-AGLIANI<\/td><td class=\"column-4\">ROUTE<\/td><td class=\"column-5\">FURIANI<\/td>\n<\/tr>\n<tr class=\"row-10 even\">\n\t<td class=\"column-1\">dim 20 octobre<\/td><td class=\"column-2\">Cyclosportive A Maistrale 7\u00e8 \u00e9dition<\/td><td class=\"column-3\">CLUB ALPANA<\/td><td class=\"column-4\">ROUTE<\/td><td class=\"column-5\">OTA<\/td>\n<\/tr>\n<\/tbody>\n<\/table>\n<!-- #tablepress-5 from cache -->[\/vc_column_text][\/vc_column][\/vc_row]<\/p>\n<\/div>","protected":false},"excerpt":{"rendered":"<p>[vc_row][vc_column width=\u00a0\u00bb1\/1&Prime;][vc_accordion sign=\u00a0\u00bbplus\u00a0\u00bb sign_size=\u00a0\u00bbmd\u00a0\u00bb gutter_simple=\u00a0\u00bb0&Prime; uncode_shortcode_id=\u00a0\u00bb713171&Prime; active_tab=\u00a0\u00bb0&Prime;][vc_accordion_tab gutter_size=\u00a0\u00bb2&Prime; column_padding=\u00a0\u00bb2&Prime; title=\u00a0\u00bbVoir la carte\u00a0\u00bb tab_id=\u00a0\u00bb1715949812-1-91715952902049&Prime;][vc_column_text uncode_shortcode_id=\u00a0\u00bb158007&Prime;][\/vc_column_text][\/vc_accordion_tab][\/vc_accordion][\/vc_column][\/vc_row][vc_row][vc_column column_width_percent=\u00a0\u00bb100&Prime; position_vertical=\u00a0\u00bbmiddle\u00a0\u00bb align_horizontal=\u00a0\u00bbalign_center\u00a0\u00bb gutter_size=\u00a0\u00bb3&Prime; overlay_alpha=\u00a0\u00bb50&Prime; shift_x=\u00a0\u00bb0&Prime; [&hellip;]<\/p>\n","protected":false},"author":8,"featured_media":0,"parent":0,"menu_order":0,"comment_status":"closed","ping_status":"closed","template":"","meta":{"footnotes":""},"class_list":["post-84088","page","type-page","status-publish","hentry","page_category-challenge-assurances-velo"],"_links":{"self":[{"href":"https:\/\/challengeassurancesvelo.com\/index.php\/wp-json\/wp\/v2\/pages\/84088","targetHints":{"allow":["GET"]}}],"collection":[{"href":"https:\/\/challengeassurancesvelo.com\/index.php\/wp-json\/wp\/v2\/pages"}],"about":[{"href":"https:\/\/challengeassurancesvelo.com\/index.php\/wp-json\/wp\/v2\/types\/page"}],"author":[{"embeddable":true,"href":"https:\/\/challengeassurancesvelo.com\/index.php\/wp-json\/wp\/v2\/users\/8"}],"replies":[{"embeddable":true,"href":"https:\/\/challengeassurancesvelo.com\/index.php\/wp-json\/wp\/v2\/comments?post=84088"}],"version-history":[{"count":2,"href":"https:\/\/challengeassurancesvelo.com\/index.php\/wp-json\/wp\/v2\/pages\/84088\/revisions"}],"predecessor-version":[{"id":84161,"href":"https:\/\/challengeassurancesvelo.com\/index.php\/wp-json\/wp\/v2\/pages\/84088\/revisions\/84161"}],"wp:attachment":[{"href":"https:\/\/challengeassurancesvelo.com\/index.php\/wp-json\/wp\/v2\/media?parent=84088"}],"curies":[{"name":"wp","href":"https:\/\/api.w.org\/{rel}","templated":true}]}}